{"id":12337,"date":"2024-03-30T17:08:31","date_gmt":"2024-03-30T17:08:31","guid":{"rendered":"http:\/\/www.infoline.ci\/?page_id=12337"},"modified":"2024-03-30T17:08:32","modified_gmt":"2024-03-30T17:08:32","slug":"programme-jeunesse-du-gouvernement-60-premiers-taxis-sur-un-total-de-500","status":"publish","type":"page","link":"http:\/\/www.infoline.ci\/?page_id=12337","title":{"rendered":"Programme jeunesse du gouvernement : 60 premiers taxis sur un total de 500"},"content":{"rendered":"\n<p>Les 60 premiers taxis sur un total de 500 et 125 permis de conduire ont \u00e9t\u00e9 remis \u00e0 des groupes de jeunes dans le cadre du Programme Jeunesse du Gouvernement (PJ-Gouv) 2023-2025, le jeudi 28 mars 2024 \u00e0 l\u2019INJS. C\u2019\u00e9tait lors d\u2019une double c\u00e9r\u00e9monie tenue en pr\u00e9sence de M. Mamadou Tour\u00e9, Ministre de la Promotion de la Jeunesse, de l\u2019Insertion Professionnelle et du Service Civique, et M. Amadou Kon\u00e9 , Ministre des Transports.<\/p>\n\n\n\n<p>Le Ministre Mamadou Tour\u00e9 a mis en avant l\u2019impact \u00e9conomique du projet des taxis communaux, qui \u00e0 terme, permettra de cr\u00e9er 1 000 emplois directs et environ 1 000 emplois indirects. De son c\u00f4t\u00e9, le Ministre Amadou Kon\u00e9 a insist\u00e9 sur la s\u00e9curit\u00e9 routi\u00e8re et a appel\u00e9 les b\u00e9n\u00e9ficiaires \u00e0 faire bon usage de ces v\u00e9hicules.<\/p>\n\n\n\n<p>Le projet des 500 taxis communaux a \u00e9t\u00e9 conjointement men\u00e9 par l\u2019Agence Emploi Jeunes et le Fonds de D\u00e9veloppement du Transport Routier (FDTR). Sur 166 taxis d\u00e9j\u00e0 disponibles, ce sont 60 qui ont \u00e9t\u00e9 remis aux maires des six localit\u00e9s concern\u00e9es notamment Grand-Bassam, San Pedro, Korhogo, Daloa, Bouak\u00e9 et Yamoussoukro. Quant au programme permis de conduire, il a \u00e9t\u00e9 pilot\u00e9 par l\u2019Agence Emploi Jeunes et vise \u00e0 acc\u00e9l\u00e9rer l\u2019insertion professionnelle des jeunes sur l\u2019ensemble du territoire.<\/p>\n\n\n\n<p>Le Gouvernement pr\u00e9voit d\u2019impacter l\u2019ensemble des r\u00e9gions du pays afin d\u2019offrir \u00e0 encore plus de jeunes la chance de s\u2019ins\u00e9rer professionnell<\/p>\n","protected":false},"excerpt":{"rendered":"<p>Les 60 premiers taxis sur un total de 500 et 125 permis de conduire ont \u00e9t\u00e9 remis \u00e0 des groupes de jeunes dans le cadre du Programme Jeunesse du Gouvernement (PJ-Gouv) 2023-2025, le jeudi 28 mars 2024 \u00e0 l\u2019INJS. C\u2019\u00e9tait lors d\u2019une double c\u00e9r\u00e9monie tenue en pr\u00e9sence de M. Mamadou Tour\u00e9, Ministre de la Promotion [&hellip;]<\/p>\n","protected":false},"author":2,"featured_media":12338,"parent":0,"menu_order":0,"comment_status":"closed","ping_status":"closed","template":"","meta":{"footnotes":""},"class_list":["post-12337","page","type-page","status-publish","has-post-thumbnail","hentry"],"_links":{"self":[{"href":"http:\/\/www.infoline.ci\/index.php?rest_route=\/wp\/v2\/pages\/12337","targetHints":{"allow":["GET"]}}],"collection":[{"href":"http:\/\/www.infoline.ci\/index.php?rest_route=\/wp\/v2\/pages"}],"about":[{"href":"http:\/\/www.infoline.ci\/index.php?rest_route=\/wp\/v2\/types\/page"}],"author":[{"embeddable":true,"href":"http:\/\/www.infoline.ci\/index.php?rest_route=\/wp\/v2\/users\/2"}],"replies":[{"embeddable":true,"href":"http:\/\/www.infoline.ci\/index.php?rest_route=%2Fwp%2Fv2%2Fcomments&post=12337"}],"version-history":[{"count":1,"href":"http:\/\/www.infoline.ci\/index.php?rest_route=\/wp\/v2\/pages\/12337\/revisions"}],"predecessor-version":[{"id":12340,"href":"http:\/\/www.infoline.ci\/index.php?rest_route=\/wp\/v2\/pages\/12337\/revisions\/12340"}],"wp:featuredmedia":[{"embeddable":true,"href":"http:\/\/www.infoline.ci\/index.php?rest_route=\/wp\/v2\/media\/12338"}],"wp:attachment":[{"href":"http:\/\/www.infoline.ci\/index.php?rest_route=%2Fwp%2Fv2%2Fmedia&parent=12337"}],"curies":[{"name":"wp","href":"https:\/\/api.w.org\/{rel}","templated":true}]}}